{"id":1331,"date":"2019-05-29T00:07:08","date_gmt":"2019-05-28T22:07:08","guid":{"rendered":"https:\/\/oftalmologovigo.com\/?page_id=1331"},"modified":"2020-02-26T12:33:02","modified_gmt":"2020-02-26T10:33:02","slug":"politica-de-privacidad","status":"publish","type":"page","link":"https:\/\/oftalmologovigo.com\/pt-pt\/politica-de-privacidad\/","title":{"rendered":"Pol\u00edtica de Privacidade"},"content":{"rendered":"\n<h2 class=\"has-text-align-center wp-block-heading\">Pol\u00edtica de Privacidade<\/h2>\n\n\n\n<p><span class=\"ancho-videos\"><\/span><\/p>\n\n\n\n<figure class=\"wp-block-table\"><table class=\"\"><tbody><tr><td> Respons\u00e1vel <\/td><td>Alberto Ollero Lorenzo<br>NIF: 34972191R  <br><\/td><\/tr><tr><td> <br>Registro sanitario <\/td><td>N\u00ba C-36-002734 <br><\/td><\/tr><tr><td>Contato<\/td><td>Centro M\u00e9dico Concheiro<br>Av. de Madrid, 4,<br>36204 Vigo <br><a href=\"tel:+34986413244\">+34 986 413 244<\/a> <br><a href=\"mailto:consulta@oftalmologovigo.com\">consulta@oftalmologovigo.com<\/a><\/td><\/tr><tr><td>Finalidade<\/td><td>Gerir a captura de dados de potenciais clientes atrav\u00e9s dos formul\u00e1rios de contato e assinatura e realizar a\u00e7\u00f5es comerciais e administrativas. <\/td><\/tr><tr><td>Legitima\u00e7\u00e3o  <\/td><td> Consentimento da parte interessada.<br><\/td><\/tr><tr><td>Destinat\u00e1rios <\/td><td> Os dados pessoais podem ser transferidos para o Centro M\u00e9dico Cir\u00fargico Concuso (Raconsa, S.L.) com o \u00fanico objetivo de gerir sua consulta e fornecer os servi\u00e7os oftalmol\u00f3gicos necessarios nas suas instala\u00e7\u00f5es. Exceto pela obriga\u00e7\u00e3o legal, n\u00e3o s\u00e3o previstas outras transfer\u00eancias de dados. <\/td><\/tr><tr><td>Direitos<\/td><td> Aceder, retificar e eliminar dados, bem como outros direitos, como consta na informa\u00e7\u00e3o adicional. <\/td><\/tr><\/tbody><\/table><\/figure>\n\n\n\n<div class=\"wp-block-group\"><div class=\"wp-block-group__inner-container is-layout-flow wp-block-group-is-layout-flow\">\n<p>Em conformidade com os regulamentos atuais sobre prote\u00e7\u00e3o de dados, o Regulamento (UE) 2016\/679 do Parlamento Europeu e do Conselho de 27 de abril de 2016 (GDPR) e a Lei Org\u00e2nica sobre Prote\u00e7\u00e3o de Dados e Garantia de Direitos Digitais (LOPDGDD, Lei Org\u00e2nica 3\/2018, de 5 de dezembro), informamos sobre a Pol\u00edtica de Prote\u00e7\u00e3o de Dados Pessoais, no que diz respeito ao processamento de dados pessoais, \u00e9 o detalhado abaixo.<\/p>\n\n\n\n<h2 class=\"wp-block-heading\">Respons\u00e1vel pelo processamento de dados pessoais<\/h2>\n\n\n\n<p>A pessoa respons\u00e1vel pelo processamento \u00e9 a pessoa coletiva que determina os prop\u00f3sitos e os meios do processamento de dados pessoais. Em outras palavras, o respons\u00e1vel decide como e para que fins os dados pessoais s\u00e3o processados.<\/p>\n\n\n\n<p>Para os fins desta Pol\u00edtica de Prote\u00e7\u00e3o de Dados, a pessoa respons\u00e1vel pelo processamento de dados pessoais \u00e9:<\/p>\n\n\n\n<ul class=\"wp-block-list\"><li>Identidade: Alberto Ollero Lorenzo<\/li><li>NIF:  34972191R <\/li><li>Domic\u00edlio social:  Av. Madrid, 4 \u2013 Centro M\u00e9dico Concheiro , 36204 \u2013 Vigo (Pontevedra).<\/li><li>Email: consulta@oftalmologovigo.com<\/li><li>Telefone: +34 986 413 244 <\/li><\/ul>\n\n\n\n<h2 class=\"wp-block-heading\">Quais dados pessoais processamos e como os protegemos?<\/h2>\n\n\n\n<p>Dados pessoais s\u00e3o todas as informa\u00e7\u00f5es sobre uma pessoa f\u00edsica identificada ou identific\u00e1vel.<\/p>\n\n\n\n<p>Para os fins estabelecidos nesta Pol\u00edtica de Privacidade, a pessoa respons\u00e1vel coleta e processa os dados pessoais que s\u00e3o explicados em cada tipo de tratamento e que dependem dos diferentes servi\u00e7os que voc\u00ea solicita ou da rela\u00e7\u00e3o contratual que voc\u00ea mant\u00e9m com a nossa entidade.<\/p>\n\n\n\n<p>Nossa organiza\u00e7\u00e3o se compromete a tratar com total confidencialidade e a aplicar as medidas de seguran\u00e7a apropriadas, f\u00edsicas, t\u00e9cnicas e organizacionais, para a prote\u00e7\u00e3o de seus dados pessoais.<\/p>\n\n\n\n<p>Voc\u00ea garante e responde, em qualquer caso, \u00e0 veracidade, precis\u00e3o, validade e autenticidade dos dados pessoais fornecidos e concorda em mant\u00ea-los devidamente atualizados.<\/p>\n\n\n\n<h2 class=\"wp-block-heading\">Tratamento de dados do paciente<\/h2>\n\n\n\n<ul class=\"wp-block-list\"><li><strong> Que tipo de dados pessoais processamos?<\/strong><ul><li>Dados de identifica\u00e7\u00e3o: nome, ID, endere\u00e7o, telefone, endere\u00e7o de email.<\/li><li>Dados financeiros: conta banc\u00e1ria, dados do cart\u00e3o de cr\u00e9dito.<\/li><li>Dados de sa\u00fade: hist\u00f3rico m\u00e9dico, patologias e tratamentos.<\/li><li>Dados da transa\u00e7\u00e3o: produtos e servi\u00e7os fornecidos. <\/li><\/ul><\/li><\/ul>\n\n\n\n<ul class=\"wp-block-list\"><li><strong>Para que finalidade tratamos seus dados pessoais?<\/strong><\/li><\/ul>\n\n\n\n<p>Processamos os dados pessoais que voc\u00ea nos fornece com o objetivo de fornecer os cuidados de sa\u00fade solicitados, para gerenciamento cont\u00e1bil, administrativo e de cobran\u00e7a, bem como obriga\u00e7\u00f5es fiscais.<\/p>\n\n\n\n<p>Tamb\u00e9m foi previsto o objetivo de publicidade e prospec\u00e7\u00e3o comercial, para o qual ser\u00e1 solicitado o consentimento expresso da parte interessada.<\/p>\n\n\n\n<p>Os dados pessoais fornecidos ser\u00e3o mantidos enquanto o relacionamento comercial for mantido. Se voc\u00ea decidir cancelar seus dados pessoais, eles poder\u00e3o ser mantidos em nossos bancos de dados durante os per\u00edodos previstos em lei para cumprir com as obriga\u00e7\u00f5es fiscais e cont\u00e1beis, e ser\u00e3o exclu\u00eddos assim que tiverem sido estabelecidos prazos legais ou aqueles que se aplicam.<\/p>\n\n\n\n<ul class=\"wp-block-list\"><li><strong>Qual \u00e9 a legitimidade para o processamento de seus dados?<\/strong><\/li><\/ul>\n\n\n\n<p>A base legal para o processamento de seus dados \u00e9 a execu\u00e7\u00e3o de um contrato, bem como o cumprimento de uma obriga\u00e7\u00e3o legal da pessoa respons\u00e1vel.<\/p>\n\n\n\n<p>A comunica\u00e7\u00e3o de ofertas e promo\u00e7\u00f5es que possam ser do seu interesse \u00e9 baseada no consentimento expresso solicitado, a menos que estejam diretamente relacionadas a um produto ou servi\u00e7o do qual voc\u00ea j\u00e1 \u00e9 cliente, caso em que a base jur\u00eddica ser\u00e1 o interesse leg\u00edtimo .<\/p>\n\n\n\n<ul class=\"wp-block-list\"><li><strong>Para quais destinat\u00e1rios seus dados ser\u00e3o comunicados?<\/strong><\/li><\/ul>\n\n\n\n<p>Seus dados podem ser comunicados \u00e0 nossa consultoria tribut\u00e1ria com o objetivo de manter a contabilidade e cumprir nossas obriga\u00e7\u00f5es fiscais.<\/p>\n\n\n\n<p>Tamb\u00e9m \u00e9 poss\u00edvel que outros provedores acessem seus dados com o \u00fanico objetivo de executar uma manuten\u00e7\u00e3o em um computador ou servidor de e-mail.<\/p>\n\n\n\n<p>Todos os controladores de dados cumprem os regulamentos de prote\u00e7\u00e3o de dados.<\/p>\n\n\n\n<p>A transfer\u00eancia de seus dados pessoais para a RACONSA, S.L. (Centro M\u00e9dico Cir\u00fargico Concheiro) com o objetivo de prestar servi\u00e7os de sa\u00fade. Ser\u00e1 voc\u00ea quem comunicar\u00e1 seus dados a essa entidade no momento da reserva de uma consulta com o oftalmologista usando os bot\u00f5es de chamada criados para esse fim neste site. Essa entidade \u00e9 respons\u00e1vel pelo gerenciamento de consultas com o oftalmologista, al\u00e9m de fornecer a infraestrutura necess\u00e1ria para a presta\u00e7\u00e3o de servi\u00e7os de sa\u00fade, para que, por sua vez, seja respons\u00e1vel por todos os dados que voc\u00ea comunica no momento da solicita\u00e7\u00e3o de um m\u00e9dico. nomea\u00e7\u00e3o. Mais informa\u00e7\u00f5es sobre a <a aria-label=\"pol\u00edtica de privacidade do Concheiro (opens in a new tab)\" rel=\"noreferrer noopener nofollow\" href=\"http:\/\/www.centromedicoconcheiro.com\/politica-de-privacidad\/\" target=\"_blank\" class=\"rank-math-link\">pol\u00edtica de privacidade do Concheiro<\/a>.<\/p>\n\n\n\n<p>Quando apropriado, as transfer\u00eancias de dados podem ser feitas por obriga\u00e7\u00e3o legal, como a Ag\u00eancia Tribut\u00e1ria, o Tesouro Geral da Seguridade Social, etc.<\/p>\n\n\n\n<p>Nenhuma transfer\u00eancia internacional de dados pessoais est\u00e1 planejada.<\/p>\n\n\n\n<h2 class=\"wp-block-heading\">Quais s\u00e3o os seus direitos quando voc\u00ea nos fornece seus dados?<\/h2>\n\n\n\n<p>De acordo com os regulamentos aplic\u00e1veis \u200b\u200bem rela\u00e7\u00e3o \u00e0 prote\u00e7\u00e3o de dados, voc\u00ea tem uma s\u00e9rie de direitos em rela\u00e7\u00e3o ao processamento de seus dados pessoais. O exerc\u00edcio desses direitos ser\u00e1 gratuito para voc\u00ea, exceto nos casos em que sejam feitas solicita\u00e7\u00f5es manifestamente infundadas ou excessivas, especialmente para repetidas.<\/p>\n\n\n\n<p>Esses direitos s\u00e3o os seguintes:<\/p>\n\n\n\n<ul class=\"wp-block-list\"><li><strong>Direito \u00e0 informa\u00e7\u00e3o<\/strong>: voc\u00ea tem o direito de ser informado de forma concisa, transparente, intelig\u00edvel e facilmente acess\u00edvel, com uma linguagem clara e simples, sobre o uso e processamento de seus dados pessoais.<\/li><li> <strong>Direito de acesso<\/strong>: voc\u00ea tem o direito de nos pedir a qualquer momento para confirmar se estamos tratando seus dados pessoais, fornecer acesso a eles e informa\u00e7\u00f5es sobre seu tratamento e obter uma c\u00f3pia desses dados. A c\u00f3pia dos seus dados pessoais que fornecemos ser\u00e1 gratuita, embora a solicita\u00e7\u00e3o de c\u00f3pias adicionais possa estar sujeita a um valor razo\u00e1vel com base nos custos administrativos. De nossa parte, podemos solicitar que voc\u00ea comprove sua identidade ou solicite mais informa\u00e7\u00f5es necess\u00e1rias para gerenciar sua solicita\u00e7\u00e3o.<\/li><li><strong> Direito de retifica\u00e7\u00e3o<\/strong>: Voc\u00ea tem o direito de solicitar a retifica\u00e7\u00e3o de dados pessoais imprecisos, desatualizados ou incompletos sobre voc\u00ea. Voc\u00ea tamb\u00e9m pode solicitar que dados pessoais incompletos sejam preenchidos, inclusive por meio de uma declara\u00e7\u00e3o adicional.<\/li><li><strong>Direito de exclus\u00e3o<\/strong>: voc\u00ea tem o direito de solicitar a exclus\u00e3o de seus dados pessoais quando, entre outros motivos, os dados n\u00e3o forem mais necess\u00e1rios para os fins para os quais foram coletados. No entanto, esse direito n\u00e3o \u00e9 absoluto, para que nossa organiza\u00e7\u00e3o possa continuar a mant\u00ea-los devidamente bloqueados nos casos previstos pela regulamenta\u00e7\u00e3o aplic\u00e1vel.<\/li><li><strong> Direito de limitar o tratamento<\/strong>: Voc\u00ea tem o direito de solicitar que limitemos o processamento de seus dados pessoais, o que significa que podemos continuar a armazen\u00e1-los, mas n\u00e3o continuar a trat\u00e1-los se alguma das seguintes condi\u00e7\u00f5es for atendida:<ul><li>Que voc\u00ea desafia a precis\u00e3o dos dados, durante um per\u00edodo que permite \u00e0 pessoa respons\u00e1vel verificar a precis\u00e3o dos dados;<\/li><li>O tratamento \u00e9 ilegal e voc\u00ea se op\u00f5e \u00e0 exclus\u00e3o dos dados e solicita a limita\u00e7\u00e3o de seu uso;<\/li><li>Nossa entidade n\u00e3o precisa mais dos dados para os fins do tratamento, mas voc\u00ea precisa deles para a formula\u00e7\u00e3o, exerc\u00edcio ou defesa de reivindica\u00e7\u00f5es;<\/li><li>Voc\u00ea se op\u00f4s ao tratamento, enquanto verifica se os motivos leg\u00edtimos de nossa entidade prevalecem sobre os seus.<\/li><\/ul><\/li><li><strong>Direito \u00e0 portabilidade de dados<\/strong>: voc\u00ea tem o direito de transmitir seus dados para outro controlador de dados em um formato estruturado, para uso comum e leitura mec\u00e2nica. Este direito se aplica quando o processamento de seus dados pessoais \u00e9 baseado no consentimento ou na execu\u00e7\u00e3o de um contrato e o processamento \u00e9 realizado por meios automatizados.<\/li><li><strong> Direito de oposi\u00e7\u00e3o<\/strong>: esse direito permite que voc\u00ea se oponha ao processamento de seus dados pessoais, incluindo a elabora\u00e7\u00e3o de perfis. N\u00e3o poderemos atender ao seu direito somente quando processarmos seus dados no caso de credenciarmos raz\u00f5es leg\u00edtimas para o tratamento ou para a formula\u00e7\u00e3o, exerc\u00edcio ou defesa de reivindica\u00e7\u00f5es.<\/li><li><strong> Direito de n\u00e3o se submeter a decis\u00f5es automatizadas<\/strong>, incluindo perfis: este direito permite que voc\u00ea n\u00e3o esteja sujeito a uma decis\u00e3o baseada apenas no processamento automatizado, incluindo a elabora\u00e7\u00e3o de perfis que produzam &#8211; tais decis\u00f5es &#8211; efeitos legais ou o afetam de maneira semelhante. A menos que tal decis\u00e3o seja necess\u00e1ria para a conclus\u00e3o ou execu\u00e7\u00e3o de um contrato, \u00e9 autorizada por lei ou com base no consentimento.<\/li><li><strong>Direito de retirar o consentimento<\/strong>: nos casos em que obtivemos seu consentimento para o processamento de seus dados pessoais em rela\u00e7\u00e3o a determinadas atividades (por exemplo, para enviar a voc\u00ea comunica\u00e7\u00f5es comerciais), voc\u00ea poder\u00e1 retir\u00e1-lo a qualquer momento. Dessa forma, deixaremos de executar a atividade espec\u00edfica pela qual voc\u00ea havia consentido anteriormente, a menos que haja outro motivo que justifique a continuidade do processamento de seus dados para esses fins; nesse caso, notificaremos voc\u00ea sobre essa situa\u00e7\u00e3o.<\/li><li>Direito de registrar uma reclama\u00e7\u00e3o com uma autoridade de controle:  <a href=\"https:\/\/www.cnpd.pt\/\" rel=\"nofollow noopener\" target=\"_blank\">https:\/\/www.cnpd.pt\/<\/a>  <\/li><\/ul>\n\n\n\n<p>Voc\u00ea pode exercer os direitos indicados acima, enviando uma comunica\u00e7\u00e3o para o endere\u00e7o f\u00edsico ou para o endere\u00e7o eletr\u00f4nico indicado no in\u00edcio deste documento, acompanhando um documento que comprova sua identidade e fornece os detalhes necess\u00e1rios para processar sua solicita\u00e7\u00e3o.<\/p>\n\n\n\n<p>De acordo com o disposto no art. 23 da Lei Org\u00e2nica 3\/2018, de 5 de dezembro, sobre Prote\u00e7\u00e3o de dados pessoais e garantia de direitos digitais (LOPDGDD), informamos que voc\u00ea pode restringir a publicidade indesejada registrando seus dados gratuitamente e voluntariamente em um arquivo de exclus\u00e3o de publicidade Atualmente, existe apenas o arquivo chamado Robinson List que \u00e9 gerenciado pela Associa\u00e7\u00e3o Espanhola de Economia Digital (ADIGITAL).<\/p>\n\n\n\n<p>A Lista Robinson deve ser consultada por quem vai realizar uma campanha publicit\u00e1ria para excluir pessoas registradas dela. No entanto, mesmo se voc\u00ea se inscreveu na Lista Robinson, os comerciantes podem enviar publicidade de seus produtos ou servi\u00e7os se voc\u00ea for um cliente ou se voc\u00ea der seu consentimento.<\/p>\n\n\n\n<p>Ao se inscrever na Lista Robinson, voc\u00ea pode escolher o canal de m\u00eddia ou comunica\u00e7\u00e3o por meio do qual n\u00e3o deseja receber publicidade (correio postal, telefonemas, e-mail ou outros meios). Lembre-se de que a inscri\u00e7\u00e3o na lista Robinson \u00e9 v\u00e1lida a partir do terceiro m\u00eas a partir da data em que voc\u00ea registra seus dados, portanto, \u00e9 poss\u00edvel que, nesse per\u00edodo, voc\u00ea continue a receber alguma comunica\u00e7\u00e3o comercial.<\/p>\n\n\n\n<p>Por fim, se voc\u00ea deseja se registrar na Lista Robinson, pode faz\u00ea-lo atrav\u00e9s deste link: <a href=\"https:\/\/www.listarobinson.es\/\" class=\"rank-math-link\" rel=\"nofollow noopener\" target=\"_blank\">https:\/\/www.listarobinson.es\/<\/a><\/p>\n<\/div><\/div>\n","protected":false},"excerpt":{"rendered":"<p>Pol\u00edtica de Privacidade Em conformidade com os regulamentos atuais sobre prote\u00e7\u00e3o de dados, o Regulamento (UE) 2016\/679 do Parlamento Europeu e do Conselho de 27 de abril de 2016 (GDPR) e a Lei Org\u00e2nica sobre Prote\u00e7\u00e3o de Dados e Garantia de Direitos Digitais (LOPDGDD, Lei Org\u00e2nica 3\/2018, de 5 de dezembro), informamos sobre a Pol\u00edtica [&hellip;]<\/p>\n","protected":false},"author":2,"featured_media":0,"parent":0,"menu_order":0,"comment_status":"closed","ping_status":"closed","template":"","meta":{"_uag_custom_page_level_css":"","site-sidebar-layout":"default","site-content-layout":"","ast-site-content-layout":"default","site-content-style":"default","site-sidebar-style":"default","ast-global-header-display":"","ast-banner-title-visibility":"","ast-main-header-display":"","ast-hfb-above-header-display":"","ast-hfb-below-header-display":"","ast-hfb-mobile-header-display":"","site-post-title":"","ast-breadcrumbs-content":"","ast-featured-img":"","footer-sml-layout":"","theme-transparent-header-meta":"","adv-header-id-meta":"","stick-header-meta":"","header-above-stick-meta":"","header-main-stick-meta":"","header-below-stick-meta":"","astra-migrate-meta-layouts":"default","ast-page-background-enabled":"default","ast-page-background-meta":{"desktop":{"background-color":"","background-image":"","background-repeat":"repeat","background-position":"center center","background-size":"auto","background-attachment":"scroll","background-type":"","background-media":"","overlay-type":"","overlay-color":"","overlay-opacity":"","overlay-gradient":""},"tablet":{"background-color":"","background-image":"","background-repeat":"repeat","background-position":"center center","background-size":"auto","background-attachment":"scroll","background-type":"","background-media":"","overlay-type":"","overlay-color":"","overlay-opacity":"","overlay-gradient":""},"mobile":{"background-color":"","background-image":"","background-repeat":"repeat","background-position":"center center","background-size":"auto","background-attachment":"scroll","background-type":"","background-media":"","overlay-type":"","overlay-color":"","overlay-opacity":"","overlay-gradient":""}},"ast-content-background-meta":{"desktop":{"background-color":"var(--ast-global-color-5)","background-image":"","background-repeat":"repeat","background-position":"center center","background-size":"auto","background-attachment":"scroll","background-type":"","background-media":"","overlay-type":"","overlay-color":"","overlay-opacity":"","overlay-gradient":""},"tablet":{"background-color":"var(--ast-global-color-5)","background-image":"","background-repeat":"repeat","background-position":"center center","background-size":"auto","background-attachment":"scroll","background-type":"","background-media":"","overlay-type":"","overlay-color":"","overlay-opacity":"","overlay-gradient":""},"mobile":{"background-color":"var(--ast-global-color-5)","background-image":"","background-repeat":"repeat","background-position":"center center","background-size":"auto","background-attachment":"scroll","background-type":"","background-media":"","overlay-type":"","overlay-color":"","overlay-opacity":"","overlay-gradient":""}},"footnotes":""},"categories":[],"tags":[],"class_list":["post-1331","page","type-page","status-publish","hentry"],"rankMath":{"parentDomain":"oftalmologovigo.com","noFollowDomains":[],"noFollowExcludeDomains":["https:\/\/maytesaa.es\/"],"noFollowExternalLinks":true,"featuredImageNotice":"The featured image should be at least 200 by 200 pixels to be picked up by Facebook and other social media sites.","pluginReviewed":false,"postSettings":{"linkSuggestions":true,"useFocusKeyword":true},"frontEndScore":false,"postName":"politica-de-privacidad","permalinkFormat":"https:\/\/oftalmologovigo.com\/pt-pt\/%pagename%\/","showLockModifiedDate":true,"assessor":{"focusKeywordLink":"https:\/\/oftalmologovigo.com\/wp-admin\/edit.php?focus_keyword=%focus_keyword%&post_type=%post_type%","hasTOCPlugin":{"luckywp-table-of-contents\/luckywp-table-of-contents.php":"LuckyWP Table of Contents"},"primaryTaxonomy":false,"serpData":{"title":"","description":"","focusKeywords":"","pillarContent":false,"canonicalUrl":"","breadcrumbTitle":"","advancedRobots":{"max-snippet":false,"max-video-preview":false,"max-image-preview":"large"},"facebookTitle":"","facebookDescription":"","facebookImage":"","facebookImageID":"","facebookHasOverlay":false,"facebookImageOverlay":"play","facebookAuthor":"","twitterCardType":"summary_large_image","twitterUseFacebook":true,"twitterTitle":"","twitterDescription":"","twitterImage":"","twitterImageID":"","twitterHasOverlay":false,"twitterImageOverlay":"play","twitterPlayerUrl":"","twitterPlayerSize":"","twitterPlayerStream":"","twitterPlayerStreamCtype":"","twitterAppDescription":"","twitterAppIphoneName":"","twitterAppIphoneID":"","twitterAppIphoneUrl":"","twitterAppIpadName":"","twitterAppIpadID":"","twitterAppIpadUrl":"","twitterAppGoogleplayName":"","twitterAppGoogleplayID":"","twitterAppGoogleplayUrl":"","twitterAppCountry":"","robots":{"noindex":true},"twitterAuthor":"username","primaryTerm":0,"authorName":"Cl\u00ednica Dr. Alberto Ollero","titleTemplate":"%title% %page% %sep% %sitename%","descriptionTemplate":"%excerpt%","showScoreFrontend":true,"lockModifiedDate":false},"powerWords":[],"diacritics":{"A":"[\\u0041\\u24B6\\uFF21\\u00C0\\u00C1\\u00C2\\u1EA6\\u1EA4\\u1EAA\\u1EA8\\u00C3\\u0100\\u0102\\u1EB0\\u1EAE\\u1EB4\\u1EB2\\u0226\\u01E0\\u00C4\\u01DE\\u1EA2\\u00C5\\u01FA\\u01CD\\u0200\\u0202\\u1EA0\\u1EAC\\u1EB6\\u1E00\\u0104\\u023A\\u2C6F]","AA":"[\\uA732]","AE":"[\\u00C6\\u01FC\\u01E2]","AO":"[\\uA734]","AU":"[\\uA736]","AV":"[\\uA738\\uA73A]","AY":"[\\uA73C]","B":"[\\u0042\\u24B7\\uFF22\\u1E02\\u1E04\\u1E06\\u0243\\u0182\\u0181]","C":"[\\u0043\\u24B8\\uFF23\\u0106\\u0108\\u010A\\u010C\\u00C7\\u1E08\\u0187\\u023B\\uA73E]","D":"[\\u0044\\u24B9\\uFF24\\u1E0A\\u010E\\u1E0C\\u1E10\\u1E12\\u1E0E\\u0110\\u018B\\u018A\\u0189\\uA779]","DZ":"[\\u01F1\\u01C4]","Dz":"[\\u01F2\\u01C5]","E":"[\\u0045\\u24BA\\uFF25\\u00C8\\u00C9\\u00CA\\u1EC0\\u1EBE\\u1EC4\\u1EC2\\u1EBC\\u0112\\u1E14\\u1E16\\u0114\\u0116\\u00CB\\u1EBA\\u011A\\u0204\\u0206\\u1EB8\\u1EC6\\u0228\\u1E1C\\u0118\\u1E18\\u1E1A\\u0190\\u018E]","F":"[\\u0046\\u24BB\\uFF26\\u1E1E\\u0191\\uA77B]","G":"[\\u0047\\u24BC\\uFF27\\u01F4\\u011C\\u1E20\\u011E\\u0120\\u01E6\\u0122\\u01E4\\u0193\\uA7A0\\uA77D\\uA77E]","H":"[\\u0048\\u24BD\\uFF28\\u0124\\u1E22\\u1E26\\u021E\\u1E24\\u1E28\\u1E2A\\u0126\\u2C67\\u2C75\\uA78D]","I":"[\\u0049\\u24BE\\uFF29\\u00CC\\u00CD\\u00CE\\u0128\\u012A\\u012C\\u0130\\u00CF\\u1E2E\\u1EC8\\u01CF\\u0208\\u020A\\u1ECA\\u012E\\u1E2C\\u0197]","J":"[\\u004A\\u24BF\\uFF2A\\u0134\\u0248]","K":"[\\u004B\\u24C0\\uFF2B\\u1E30\\u01E8\\u1E32\\u0136\\u1E34\\u0198\\u2C69\\uA740\\uA742\\uA744\\uA7A2]","L":"[\\u004C\\u24C1\\uFF2C\\u013F\\u0139\\u013D\\u1E36\\u1E38\\u013B\\u1E3C\\u1E3A\\u0141\\u023D\\u2C62\\u2C60\\uA748\\uA746\\uA780]","LJ":"[\\u01C7]","Lj":"[\\u01C8]","M":"[\\u004D\\u24C2\\uFF2D\\u1E3E\\u1E40\\u1E42\\u2C6E\\u019C]","N":"[\\u004E\\u24C3\\uFF2E\\u01F8\\u0143\\u00D1\\u1E44\\u0147\\u1E46\\u0145\\u1E4A\\u1E48\\u0220\\u019D\\uA790\\uA7A4]","NJ":"[\\u01CA]","Nj":"[\\u01CB]","O":"[\\u004F\\u24C4\\uFF2F\\u00D2\\u00D3\\u00D4\\u1ED2\\u1ED0\\u1ED6\\u1ED4\\u00D5\\u1E4C\\u022C\\u1E4E\\u014C\\u1E50\\u1E52\\u014E\\u022E\\u0230\\u00D6\\u022A\\u1ECE\\u0150\\u01D1\\u020C\\u020E\\u01A0\\u1EDC\\u1EDA\\u1EE0\\u1EDE\\u1EE2\\u1ECC\\u1ED8\\u01EA\\u01EC\\u00D8\\u01FE\\u0186\\u019F\\uA74A\\uA74C]","OI":"[\\u01A2]","OO":"[\\uA74E]","OU":"[\\u0222]","P":"[\\u0050\\u24C5\\uFF30\\u1E54\\u1E56\\u01A4\\u2C63\\uA750\\uA752\\uA754]","Q":"[\\u0051\\u24C6\\uFF31\\uA756\\uA758\\u024A]","R":"[\\u0052\\u24C7\\uFF32\\u0154\\u1E58\\u0158\\u0210\\u0212\\u1E5A\\u1E5C\\u0156\\u1E5E\\u024C\\u2C64\\uA75A\\uA7A6\\uA782]","S":"[\\u0053\\u24C8\\uFF33\\u1E9E\\u015A\\u1E64\\u015C\\u1E60\\u0160\\u1E66\\u1E62\\u1E68\\u0218\\u015E\\u2C7E\\uA7A8\\uA784]","T":"[\\u0054\\u24C9\\uFF34\\u1E6A\\u0164\\u1E6C\\u021A\\u0162\\u1E70\\u1E6E\\u0166\\u01AC\\u01AE\\u023E\\uA786]","TZ":"[\\uA728]","U":"[\\u0055\\u24CA\\uFF35\\u00D9\\u00DA\\u00DB\\u0168\\u1E78\\u016A\\u1E7A\\u016C\\u00DC\\u01DB\\u01D7\\u01D5\\u01D9\\u1EE6\\u016E\\u0170\\u01D3\\u0214\\u0216\\u01AF\\u1EEA\\u1EE8\\u1EEE\\u1EEC\\u1EF0\\u1EE4\\u1E72\\u0172\\u1E76\\u1E74\\u0244]","V":"[\\u0056\\u24CB\\uFF36\\u1E7C\\u1E7E\\u01B2\\uA75E\\u0245]","VY":"[\\uA760]","W":"[\\u0057\\u24CC\\uFF37\\u1E80\\u1E82\\u0174\\u1E86\\u1E84\\u1E88\\u2C72]","X":"[\\u0058\\u24CD\\uFF38\\u1E8A\\u1E8C]","Y":"[\\u0059\\u24CE\\uFF39\\u1EF2\\u00DD\\u0176\\u1EF8\\u0232\\u1E8E\\u0178\\u1EF6\\u1EF4\\u01B3\\u024E\\u1EFE]","Z":"[\\u005A\\u24CF\\uFF3A\\u0179\\u1E90\\u017B\\u017D\\u1E92\\u1E94\\u01B5\\u0224\\u2C7F\\u2C6B\\uA762]","a":"[\\u0061\\u24D0\\uFF41\\u1E9A\\u00E0\\u00E1\\u00E2\\u1EA7\\u1EA5\\u1EAB\\u1EA9\\u00E3\\u0101\\u0103\\u1EB1\\u1EAF\\u1EB5\\u1EB3\\u0227\\u01E1\\u00E4\\u01DF\\u1EA3\\u00E5\\u01FB\\u01CE\\u0201\\u0203\\u1EA1\\u1EAD\\u1EB7\\u1E01\\u0105\\u2C65\\u0250]","aa":"[\\uA733]","ae":"[\\u00E6\\u01FD\\u01E3]","ao":"[\\uA735]","au":"[\\uA737]","av":"[\\uA739\\uA73B]","ay":"[\\uA73D]","b":"[\\u0062\\u24D1\\uFF42\\u1E03\\u1E05\\u1E07\\u0180\\u0183\\u0253]","c":"[\\u0063\\u24D2\\uFF43\\u0107\\u0109\\u010B\\u010D\\u00E7\\u1E09\\u0188\\u023C\\uA73F\\u2184]","d":"[\\u0064\\u24D3\\uFF44\\u1E0B\\u010F\\u1E0D\\u1E11\\u1E13\\u1E0F\\u0111\\u018C\\u0256\\u0257\\uA77A]","dz":"[\\u01F3\\u01C6]","e":"[\\u0065\\u24D4\\uFF45\\u00E8\\u00E9\\u00EA\\u1EC1\\u1EBF\\u1EC5\\u1EC3\\u1EBD\\u0113\\u1E15\\u1E17\\u0115\\u0117\\u00EB\\u1EBB\\u011B\\u0205\\u0207\\u1EB9\\u1EC7\\u0229\\u1E1D\\u0119\\u1E19\\u1E1B\\u0247\\u025B\\u01DD]","f":"[\\u0066\\u24D5\\uFF46\\u1E1F\\u0192\\uA77C]","g":"[\\u0067\\u24D6\\uFF47\\u01F5\\u011D\\u1E21\\u011F\\u0121\\u01E7\\u0123\\u01E5\\u0260\\uA7A1\\u1D79\\uA77F]","h":"[\\u0068\\u24D7\\uFF48\\u0125\\u1E23\\u1E27\\u021F\\u1E25\\u1E29\\u1E2B\\u1E96\\u0127\\u2C68\\u2C76\\u0265]","hv":"[\\u0195]","i":"[\\u0069\\u24D8\\uFF49\\u00EC\\u00ED\\u00EE\\u0129\\u012B\\u012D\\u00EF\\u1E2F\\u1EC9\\u01D0\\u0209\\u020B\\u1ECB\\u012F\\u1E2D\\u0268\\u0131]","j":"[\\u006A\\u24D9\\uFF4A\\u0135\\u01F0\\u0249]","k":"[\\u006B\\u24DA\\uFF4B\\u1E31\\u01E9\\u1E33\\u0137\\u1E35\\u0199\\u2C6A\\uA741\\uA743\\uA745\\uA7A3]","l":"[\\u006C\\u24DB\\uFF4C\\u0140\\u013A\\u013E\\u1E37\\u1E39\\u013C\\u1E3D\\u1E3B\\u017F\\u0142\\u019A\\u026B\\u2C61\\uA749\\uA781\\uA747]","lj":"[\\u01C9]","m":"[\\u006D\\u24DC\\uFF4D\\u1E3F\\u1E41\\u1E43\\u0271\\u026F]","n":"[\\u006E\\u24DD\\uFF4E\\u01F9\\u0144\\u00F1\\u1E45\\u0148\\u1E47\\u0146\\u1E4B\\u1E49\\u019E\\u0272\\u0149\\uA791\\uA7A5]","nj":"[\\u01CC]","o":"[\\u006F\\u24DE\\uFF4F\\u00F2\\u00F3\\u00F4\\u1ED3\\u1ED1\\u1ED7\\u1ED5\\u00F5\\u1E4D\\u022D\\u1E4F\\u014D\\u1E51\\u1E53\\u014F\\u022F\\u0231\\u00F6\\u022B\\u1ECF\\u0151\\u01D2\\u020D\\u020F\\u01A1\\u1EDD\\u1EDB\\u1EE1\\u1EDF\\u1EE3\\u1ECD\\u1ED9\\u01EB\\u01ED\\u00F8\\u01FF\\u0254\\uA74B\\uA74D\\u0275]","oi":"[\\u01A3]","ou":"[\\u0223]","oo":"[\\uA74F]","p":"[\\u0070\\u24DF\\uFF50\\u1E55\\u1E57\\u01A5\\u1D7D\\uA751\\uA753\\uA755]","q":"[\\u0071\\u24E0\\uFF51\\u024B\\uA757\\uA759]","r":"[\\u0072\\u24E1\\uFF52\\u0155\\u1E59\\u0159\\u0211\\u0213\\u1E5B\\u1E5D\\u0157\\u1E5F\\u024D\\u027D\\uA75B\\uA7A7\\uA783]","s":"[\\u0073\\u24E2\\uFF53\\u015B\\u1E65\\u015D\\u1E61\\u0161\\u1E67\\u1E63\\u1E69\\u0219\\u015F\\u023F\\uA7A9\\uA785\\u1E9B]","ss":"[\\u00DF]","t":"[\\u0074\\u24E3\\uFF54\\u1E6B\\u1E97\\u0165\\u1E6D\\u021B\\u0163\\u1E71\\u1E6F\\u0167\\u01AD\\u0288\\u2C66\\uA787]","tz":"[\\uA729]","u":"[\\u0075\\u24E4\\uFF55\\u00F9\\u00FA\\u00FB\\u0169\\u1E79\\u016B\\u1E7B\\u016D\\u00FC\\u01DC\\u01D8\\u01D6\\u01DA\\u1EE7\\u016F\\u0171\\u01D4\\u0215\\u0217\\u01B0\\u1EEB\\u1EE9\\u1EEF\\u1EED\\u1EF1\\u1EE5\\u1E73\\u0173\\u1E77\\u1E75\\u0289]","v":"[\\u0076\\u24E5\\uFF56\\u1E7D\\u1E7F\\u028B\\uA75F\\u028C]","vy":"[\\uA761]","w":"[\\u0077\\u24E6\\uFF57\\u1E81\\u1E83\\u0175\\u1E87\\u1E85\\u1E98\\u1E89\\u2C73]","x":"[\\u0078\\u24E7\\uFF58\\u1E8B\\u1E8D]","y":"[\\u0079\\u24E8\\uFF59\\u1EF3\\u00FD\\u0177\\u1EF9\\u0233\\u1E8F\\u00FF\\u1EF7\\u1E99\\u1EF5\\u01B4\\u024F\\u1EFF]","z":"[\\u007A\\u24E9\\uFF5A\\u017A\\u1E91\\u017C\\u017E\\u1E93\\u1E95\\u01B6\\u0225\\u0240\\u2C6C\\uA763]"},"researchesTests":["contentHasTOC","contentHasShortParagraphs","contentHasAssets","keywordInTitle","keywordInMetaDescription","keywordInPermalink","keywordIn10Percent","keywordInContent","keywordInSubheadings","keywordInImageAlt","keywordDensity","keywordNotUsed","lengthContent","lengthPermalink","linksHasInternal","linksHasExternals","linksNotAllExternals","titleStartWithKeyword","titleSentiment","titleHasPowerWords","titleHasNumber","hasContentAI"],"hasRedirection":false,"hasBreadcrumb":true},"homeUrl":"https:\/\/oftalmologovigo.com\/pt-pt\/","objectID":1331,"objectType":"post","locale":"pt","localeFull":"pt_PT","overlayImages":{"play":{"name":"Play icon","url":"https:\/\/oftalmologovigo.com\/wp-content\/plugins\/seo-by-rank-math\/assets\/admin\/img\/icon-play.png","path":"\/home\/oftalmo1\/public_html\/wp-content\/plugins\/seo-by-rank-math\/assets\/admin\/img\/icon-play.png","position":"middle_center"},"gif":{"name":"GIF icon","url":"https:\/\/oftalmologovigo.com\/wp-content\/plugins\/seo-by-rank-math\/assets\/admin\/img\/icon-gif.png","path":"\/home\/oftalmo1\/public_html\/wp-content\/plugins\/seo-by-rank-math\/assets\/admin\/img\/icon-gif.png","position":"middle_center"}},"defautOgImage":"https:\/\/oftalmologovigo.com\/wp-content\/uploads\/oftalmologo-vigo-alberto-ollero.jpg","customPermalinks":true,"isUserRegistered":false,"autoSuggestKeywords":false,"connectSiteUrl":"https:\/\/rankmath.com\/auth?site=https%3A%2F%2Foftalmologovigo.com%2Fpt-pt%2F&r=https%3A%2F%2Foftalmologovigo.com%2Fpt-pt%2Fwp-json%2Fwp%2Fv2%2Fpages%2F1331%3Fnonce%3D2d1b2607d2&pro=1","maxTags":100,"trendsIcon":"<svg width=\"100%\" height=\"100%\" viewBox=\"0 0 36 36\" version=\"1.1\" xmlns=\"http:\/\/www.w3.org\/2000\/svg\" xmlns:xlink=\"http:\/\/www.w3.org\/1999\/xlink\" fit=\"\" preserveAspectRatio=\"xMidYMid meet\" focusable=\"false\">\n\t\t<g id=\"Page-1\" stroke=\"none\" stroke-width=\"1\" fill=\"none\" fill-rule=\"evenodd\">\n\t\t\t<g id=\"Trends-Arrow\">\n\t\t\t\t<g id=\"TrendsArrow\">\n\t\t\t\t\t<path d=\"M1.11227159,26.3181534 L10.2875029,17.1429221 L13.7152617,20.5706809 L4.5400304,29.7459122 C4.20518633,30.0807563 3.66229681,30.0807562 3.32745277,29.7459122 L1.11136262,27.529822 C0.776518575,27.194978 0.776518548,26.6520885 1.11136262,26.3172444 L1.11227159,26.3181534 Z\" id=\"Shape\" fill=\"#4285F4\" fill-rule=\"nonzero\"><\/path>\n\t\t\t\t\t<path d=\"M14.3201543,14.3211528 L22.283717,22.2847155 L19.4658829,25.1025495 C19.1310388,25.4373936 18.5881494,25.4373937 18.2533053,25.1025495 L10.2906516,17.1398959 L13.1084857,14.3220618 C13.4429747,13.987572 13.9851638,13.9871653 14.3201543,14.3211528 Z\" id=\"Shape\" fill=\"#EA4335\" fill-rule=\"nonzero\"><\/path>\n\t\t\t\t\t<polygon id=\"Rectangle-path\" fill=\"#FABB05\" fill-rule=\"nonzero\" points=\"18.8573051 18.8577571 28.2843236 9.43073862 31.7120824 12.8584974 22.2850639 22.2855159\"><\/polygon>\n\t\t\t\t\t<path d=\"M35.0711567,15.5054713 L35.0711567,7 L35.0711567,7 C35.0711567,6.44771525 34.6234415,6 34.0711567,6 L25.5656854,6 L25.5656854,6 C25.0134007,6 24.5656854,6.44771525 24.5656854,7 C24.5656854,7.26521649 24.6710423,7.5195704 24.8585786,7.70710678 L33.3640499,16.2125781 L33.3640499,16.2125781 C33.7545742,16.6031024 34.3877392,16.6031024 34.7782635,16.2125781 C34.9657999,16.0250417 35.0711567,15.7706878 35.0711567,15.5054713 Z\" id=\"Shape\" fill=\"#34A853\" fill-rule=\"nonzero\"><\/path>\n\t\t\t\t\t<rect id=\"Rectangle-path\" x=\"0\" y=\"0\" width=\"36\" height=\"36\"><\/rect>\n\t\t\t\t<\/g>\n\t\t\t<\/g>\n\t\t<\/g>\n\t<\/svg>","showScore":true,"siteFavIcon":"https:\/\/oftalmologovigo.com\/wp-content\/uploads\/logo-oftalmologo-vigo-ollero-208x200.png","canUser":{"general":false,"advanced":false,"snippet":false,"social":false,"analysis":false,"analytics":false,"content_ai":false},"showKeywordIntent":true,"isPro":true,"is_front_page":false,"trendsUpgradeLink":"https:\/\/oftalmologovigo.com\/wp-admin\/admin.php?page=rank-math&view=help","trendsUpgradeLabel":"Activate now","trendsPreviewImage":"https:\/\/oftalmologovigo.com\/wp-content\/plugins\/seo-by-rank-math\/assets\/admin\/img\/trends-preview.jpg","currentEditor":false,"homepageData":{"assessor":{"powerWords":[],"diacritics":true,"researchesTests":["contentHasTOC","contentHasShortParagraphs","contentHasAssets","keywordInTitle","keywordInMetaDescription","keywordInPermalink","keywordIn10Percent","keywordInContent","keywordInSubheadings","keywordInImageAlt","keywordDensity","keywordNotUsed","lengthContent","lengthPermalink","linksHasInternal","linksHasExternals","linksNotAllExternals","titleStartWithKeyword","titleSentiment","titleHasPowerWords","titleHasNumber","hasContentAI"],"hasBreadcrumb":true,"serpData":{"title":"%sitename% %page% %sep% %sitedesc%","description":"","titleTemplate":"%sitename% %page% %sep% %sitedesc%","descriptionTemplate":"","focusKeywords":"","breadcrumbTitle":"Inicio","robots":{"index":true},"advancedRobots":{"max-snippet":false,"max-video-preview":false,"max-image-preview":"large"},"facebookTitle":"","facebookDescription":"","facebookImage":"","facebookImageID":""}}},"tocTitle":"Table of Contents","tocExcludeHeadings":[],"listStyle":"ul"},"uagb_featured_image_src":{"full":false,"thumbnail":false,"medium":false,"medium_large":false,"large":false,"1536x1536":false,"2048x2048":false},"uagb_author_info":{"display_name":"Cl\u00ednica Dr. Alberto Ollero","author_link":"https:\/\/oftalmologovigo.com\/pt-pt\/author\/maymaymay\/"},"uagb_comment_info":0,"uagb_excerpt":"Pol\u00edtica de Privacidade Em conformidade com os regulamentos atuais sobre prote\u00e7\u00e3o de dados, o Regulamento (UE) 2016\/679 do Parlamento Europeu e do Conselho de 27 de abril de 2016 (GDPR) e a Lei Org\u00e2nica sobre Prote\u00e7\u00e3o de Dados e Garantia de Direitos Digitais (LOPDGDD, Lei Org\u00e2nica 3\/2018, de 5 de dezembro), informamos sobre a Pol\u00edtica&hellip;","_links":{"self":[{"href":"https:\/\/oftalmologovigo.com\/pt-pt\/wp-json\/wp\/v2\/pages\/1331","targetHints":{"allow":["GET"]}}],"collection":[{"href":"https:\/\/oftalmologovigo.com\/pt-pt\/wp-json\/wp\/v2\/pages"}],"about":[{"href":"https:\/\/oftalmologovigo.com\/pt-pt\/wp-json\/wp\/v2\/types\/page"}],"author":[{"embeddable":true,"href":"https:\/\/oftalmologovigo.com\/pt-pt\/wp-json\/wp\/v2\/users\/2"}],"replies":[{"embeddable":true,"href":"https:\/\/oftalmologovigo.com\/pt-pt\/wp-json\/wp\/v2\/comments?post=1331"}],"version-history":[{"count":3,"href":"https:\/\/oftalmologovigo.com\/pt-pt\/wp-json\/wp\/v2\/pages\/1331\/revisions"}],"predecessor-version":[{"id":1339,"href":"https:\/\/oftalmologovigo.com\/pt-pt\/wp-json\/wp\/v2\/pages\/1331\/revisions\/1339"}],"wp:attachment":[{"href":"https:\/\/oftalmologovigo.com\/pt-pt\/wp-json\/wp\/v2\/media?parent=1331"}],"wp:term":[{"taxonomy":"category","embeddable":true,"href":"https:\/\/oftalmologovigo.com\/pt-pt\/wp-json\/wp\/v2\/categories?post=1331"},{"taxonomy":"post_tag","embeddable":true,"href":"https:\/\/oftalmologovigo.com\/pt-pt\/wp-json\/wp\/v2\/tags?post=1331"}],"curies":[{"name":"wp","href":"https:\/\/api.w.org\/{rel}","templated":true}]}}